{"id":17,"date":"2023-08-02T17:52:59","date_gmt":"2023-08-02T17:52:59","guid":{"rendered":"https:\/\/vorderpfaelzer-luchse.de\/?page_id=17"},"modified":"2026-08-30T12:26:57","modified_gmt":"2026-08-30T12:26:57","slug":"ma-jugend","status":"publish","type":"page","link":"https:\/\/vorderpfaelzer-luchse.de\/?page_id=17","title":{"rendered":"A-Jugend"},"content":{"rendered":"\n<p class=\"wp-block-paragraph\"><strong>m\u00e4nnliche Jugend A Verbandsliga<\/strong><\/p>\n\n\n\n<figure class=\"wp-block-image size-full\"><a href=\"https:\/\/vorderpfaelzer-luchse.de\/wp-content\/uploads\/2026\/08\/maennliche-A-Jugend-scaled.jpg\" target=\"_blank\" rel=\"noreferrer noopener\"><img loading=\"lazy\" decoding=\"async\" width=\"2560\" height=\"1704\" src=\"https:\/\/vorderpfaelzer-luchse.de\/wp-content\/uploads\/2026\/08\/maennliche-A-Jugend-scaled.jpg\" alt=\"\" class=\"wp-image-881\" srcset=\"https:\/\/vorderpfaelzer-luchse.de\/wp-content\/uploads\/2026\/08\/maennliche-A-Jugend-scaled.jpg 2560w, https:\/\/vorderpfaelzer-luchse.de\/wp-content\/uploads\/2026\/08\/maennliche-A-Jugend-300x200.jpg 300w, https:\/\/vorderpfaelzer-luchse.de\/wp-content\/uploads\/2026\/08\/maennliche-A-Jugend-768x511.jpg 768w, https:\/\/vorderpfaelzer-luchse.de\/wp-content\/uploads\/2026\/08\/maennliche-A-Jugend-1024x682.jpg 1024w, https:\/\/vorderpfaelzer-luchse.de\/wp-content\/uploads\/2026\/08\/maennliche-A-Jugend-1536x1022.jpg 1536w, https:\/\/vorderpfaelzer-luchse.de\/wp-content\/uploads\/2026\/08\/maennliche-A-Jugend-2048x1363.jpg 2048w\" sizes=\"auto, (max-width: 2560px) 100vw, 2560px\" \/><\/a><\/figure>\n\n\n\n<p class=\"wp-block-paragraph\"><strong>Hinten von links: <\/strong>Peter Henkes, Stefan Weber (Trainer), Max Heene, Marc Dinger, Niklas Mattern, Phillip Mattern, Roman Kapp, Leif Plumpe, Thomas Krill (Trainer), Harald Freiler (Trainer)<br><br><strong>Vorne von links: <\/strong>elix Wildt, Louis Ehmann, Julien Deobald, Elias K\u00fchn, Martin M\u00fctze<br><br><strong>Es fehlen:<\/strong> Sadig Abbasoo, Lasse Franck, Lukas L\u00f6ffler, Marcel Neunzerling, Benedikt Stock, Jan-Phillip Stock, Robin Woehlert<\/p>\n\n\n\n<p class=\"wp-block-paragraph\"><strong>Trainingszeiten:<\/strong><br><br>Dienstag (17:00 &#8211; 19:00Uhr) in der\u00a0<strong>Realschule+<\/strong> <strong>Ha\u00dfloch<\/strong><br>Donnerstag (18:30 &#8211; 20:00 Uhr) in der <strong>PGS Halle Iggelheim<\/strong><\/p>\n\n\n\n<p class=\"wp-block-paragraph\"><strong>Trainer:<\/strong> Stefan Weber, Thomas Krill und Harald Freiler<\/p>\n\n\n\n<p class=\"wp-block-paragraph\"><strong>Kontakt:<\/strong> <a href=\"mailto:mA@vorderpfaelzer-luchse.de\">mA@vorderpfaelzer-luchse.de<\/a><\/p>\n\n\n\n<script>\n(function(e,t,n,r,i,s,o){e[i]=e[i]||function(){(e[i].q=e[i].q||[]).push(arguments)}, e[i].l=1*new Date;s=t.createElement(n),o=t.getElementsByTagName(n)[0];s.async=1; s.src=r;o.parentNode.insertBefore(s,o)})(window,document,\"script\", 'https:\/\/www.handball.net\/widgets\/embed\/v1.js',\"_hb\");\n<\/script>\n<div id='handball-tabelle'><\/div>\n<script>\n_hb({\nwidget: 'tabelle',\nteamId: 'handball4all.pfalz.1137261',\ncontainer: 'handball-tabelle'\n})\n<\/script>\n<\/script>\n\n\n\n<script>\n(function(e,t,n,r,i,s,o){e[i]=e[i]||function(){(e[i].q=e[i].q||[]).push(arguments)}, e[i].l=1*new Date;s=t.createElement(n),o=t.getElementsByTagName(n)[0];s.async=1; s.src=r;o.parentNode.insertBefore(s,o)})(window,document,\"script\", 'https:\/\/www.handball.net\/widgets\/embed\/v1.js',\"_hb\");\n<\/script>\n<div id='handball-spielplan'><\/div>\n<script>\n_hb({\nwidget: 'spielplan',\nteamId: 'handball4all.pfalz.1137261',\ncontainer: 'handball-spielplan'\n})\n<\/script>\n","protected":false},"excerpt":{"rendered":"<p>m\u00e4nnliche Jugend A Verbandsliga Hinten von links: Peter Henkes, Stefan Weber (Trainer), Max Heene, Marc Dinger, Niklas Mattern, Phillip Mattern, [&hellip;]<\/p>\n","protected":false},"author":1,"featured_media":0,"parent":0,"menu_order":0,"comment_status":"closed","ping_status":"closed","template":"","meta":{"_monsterinsights_skip_tracking":false,"footnotes":""},"class_list":["post-17","page","type-page","status-publish","hentry"],"aioseo_notices":[],"aioseo_head":"\n\t\t<!-- All in One SEO 5.0.0.1 - aioseo.com -->\n\t<meta name=\"description\" content=\"m\u00e4nnliche Jugend A Verbandsliga Hinten von links: Peter Henkes, Stefan Weber (Trainer), Max Heene, Marc Dinger, Niklas Mattern, Phillip Mattern, Roman Kapp, Leif Plumpe, Thomas Krill (Trainer), Harald Freiler (Trainer)Vorne von links: elix Wildt, Louis Ehmann, Julien Deobald, Elias K\u00fchn, Martin M\u00fctzeEs fehlen: Sadig Abbasoo, Lasse Franck, Lukas L\u00f6ffler, Marcel Neunzerling, Benedikt Stock, Jan-Phillip Stock,\" \/>\n\t<meta name=\"robots\" content=\"max-image-preview:large\" \/>\n\t<link rel=\"canonical\" href=\"https:\/\/vorderpfaelzer-luchse.de\/?page_id=17\" \/>\n\t<meta name=\"generator\" content=\"All in One SEO (AIOSEO) 5.0.0.1\" \/>\n\t\t<meta property=\"og:locale\" content=\"de_DE\" \/>\n\t\t<meta property=\"og:site_name\" content=\"JSG Luchse - Dies ist der Webauftritt der JSG Ha\u00dfloch\/Iggelheim\/Meckenheim\/Neustadt.\" \/>\n\t\t<meta property=\"og:type\" content=\"article\" \/>\n\t\t<meta property=\"og:title\" content=\"A-Jugend - JSG Luchse\" \/>\n\t\t<meta property=\"og:description\" content=\"m\u00e4nnliche Jugend A Verbandsliga Hinten von links: Peter Henkes, Stefan Weber (Trainer), Max Heene, Marc Dinger, Niklas Mattern, Phillip Mattern, Roman Kapp, Leif Plumpe, Thomas Krill (Trainer), Harald Freiler (Trainer)Vorne von links: elix Wildt, Louis Ehmann, Julien Deobald, Elias K\u00fchn, Martin M\u00fctzeEs fehlen: Sadig Abbasoo, Lasse Franck, Lukas L\u00f6ffler, Marcel Neunzerling, Benedikt Stock, Jan-Phillip Stock,\" \/>\n\t\t<meta property=\"og:url\" content=\"https:\/\/vorderpfaelzer-luchse.de\/?page_id=17\" \/>\n\t\t<meta property=\"article:published_time\" content=\"2023-08-02T17:52:59+00:00\" \/>\n\t\t<meta property=\"article:modified_time\" content=\"2026-08-30T12:26:57+00:00\" \/>\n\t\t<meta name=\"twitter:card\" content=\"summary_large_image\" \/>\n\t\t<meta name=\"twitter:title\" content=\"A-Jugend - JSG Luchse\" \/>\n\t\t<meta name=\"twitter:description\" content=\"m\u00e4nnliche Jugend A Verbandsliga Hinten von links: Peter Henkes, Stefan Weber (Trainer), Max Heene, Marc Dinger, Niklas Mattern, Phillip Mattern, Roman Kapp, Leif Plumpe, Thomas Krill (Trainer), Harald Freiler (Trainer)Vorne von links: elix Wildt, Louis Ehmann, Julien Deobald, Elias K\u00fchn, Martin M\u00fctzeEs fehlen: Sadig Abbasoo, Lasse Franck, Lukas L\u00f6ffler, Marcel Neunzerling, Benedikt Stock, Jan-Phillip Stock,\" \/>\n\t\t<script type=\"application\/ld+json\" class=\"aioseo-schema\">\n\t\t\t{\"@context\":\"https:\\\/\\\/schema.org\",\"@graph\":[{\"@type\":\"BreadcrumbList\",\"@id\":\"https:\\\/\\\/vorderpfaelzer-luchse.de\\\/?page_id=17#breadcrumblist\",\"itemListElement\":[{\"@type\":\"ListItem\",\"@id\":\"https:\\\/\\\/vorderpfaelzer-luchse.de#listItem\",\"position\":1,\"name\":\"Home\",\"item\":\"https:\\\/\\\/vorderpfaelzer-luchse.de\",\"nextItem\":{\"@type\":\"ListItem\",\"@id\":\"https:\\\/\\\/vorderpfaelzer-luchse.de\\\/?page_id=17#listItem\",\"name\":\"A-Jugend\"}},{\"@type\":\"ListItem\",\"@id\":\"https:\\\/\\\/vorderpfaelzer-luchse.de\\\/?page_id=17#listItem\",\"position\":2,\"name\":\"A-Jugend\",\"previousItem\":{\"@type\":\"ListItem\",\"@id\":\"https:\\\/\\\/vorderpfaelzer-luchse.de#listItem\",\"name\":\"Home\"}}]},{\"@type\":\"Organization\",\"@id\":\"https:\\\/\\\/vorderpfaelzer-luchse.de\\\/#organization\",\"name\":\"JSG Luchse\",\"description\":\"Dies ist der Webauftritt der JSG Ha\\u00dfloch\\\/Iggelheim\\\/Meckenheim\\\/Neustadt.\",\"url\":\"https:\\\/\\\/vorderpfaelzer-luchse.de\\\/\"},{\"@type\":\"WebPage\",\"@id\":\"https:\\\/\\\/vorderpfaelzer-luchse.de\\\/?page_id=17#webpage\",\"url\":\"https:\\\/\\\/vorderpfaelzer-luchse.de\\\/?page_id=17\",\"name\":\"A-Jugend - JSG Luchse\",\"description\":\"m\\u00e4nnliche Jugend A Verbandsliga Hinten von links: Peter Henkes, Stefan Weber (Trainer), Max Heene, Marc Dinger, Niklas Mattern, Phillip Mattern, Roman Kapp, Leif Plumpe, Thomas Krill (Trainer), Harald Freiler (Trainer)Vorne von links: elix Wildt, Louis Ehmann, Julien Deobald, Elias K\\u00fchn, Martin M\\u00fctzeEs fehlen: Sadig Abbasoo, Lasse Franck, Lukas L\\u00f6ffler, Marcel Neunzerling, Benedikt Stock, Jan-Phillip Stock,\",\"inLanguage\":\"de-DE\",\"isPartOf\":{\"@id\":\"https:\\\/\\\/vorderpfaelzer-luchse.de\\\/#website\"},\"breadcrumb\":{\"@id\":\"https:\\\/\\\/vorderpfaelzer-luchse.de\\\/?page_id=17#breadcrumblist\"},\"datePublished\":\"2023-08-02T17:52:59+00:00\",\"dateModified\":\"2026-08-30T12:26:57+00:00\"},{\"@type\":\"WebSite\",\"@id\":\"https:\\\/\\\/vorderpfaelzer-luchse.de\\\/#website\",\"url\":\"https:\\\/\\\/vorderpfaelzer-luchse.de\\\/\",\"name\":\"JSG Luchse\",\"description\":\"Dies ist der Webauftritt der JSG Ha\\u00dfloch\\\/Iggelheim\\\/Meckenheim\\\/Neustadt.\",\"inLanguage\":\"de-DE\",\"publisher\":{\"@id\":\"https:\\\/\\\/vorderpfaelzer-luchse.de\\\/#organization\"}}]}\n\t\t<\/script>\n\t\t<!-- All in One SEO -->\n\n","aioseo_head_json":{"title":"A-Jugend - JSG Luchse","description":"m\u00e4nnliche Jugend A Verbandsliga Hinten von links: Peter Henkes, Stefan Weber (Trainer), Max Heene, Marc Dinger, Niklas Mattern, Phillip Mattern, Roman Kapp, Leif Plumpe, Thomas Krill (Trainer), Harald Freiler (Trainer)Vorne von links: elix Wildt, Louis Ehmann, Julien Deobald, Elias K\u00fchn, Martin M\u00fctzeEs fehlen: Sadig Abbasoo, Lasse Franck, Lukas L\u00f6ffler, Marcel Neunzerling, Benedikt Stock, Jan-Phillip Stock,","canonical_url":"https:\/\/vorderpfaelzer-luchse.de\/?page_id=17","robots":"max-image-preview:large","keywords":"","webmasterTools":{"miscellaneous":""},"schema":{"@context":"https:\/\/schema.org","@graph":[{"@type":"BreadcrumbList","@id":"https:\/\/vorderpfaelzer-luchse.de\/?page_id=17#breadcrumblist","itemListElement":[{"@type":"ListItem","@id":"https:\/\/vorderpfaelzer-luchse.de#listItem","position":1,"name":"Home","item":"https:\/\/vorderpfaelzer-luchse.de","nextItem":{"@type":"ListItem","@id":"https:\/\/vorderpfaelzer-luchse.de\/?page_id=17#listItem","name":"A-Jugend"}},{"@type":"ListItem","@id":"https:\/\/vorderpfaelzer-luchse.de\/?page_id=17#listItem","position":2,"name":"A-Jugend","previousItem":{"@type":"ListItem","@id":"https:\/\/vorderpfaelzer-luchse.de#listItem","name":"Home"}}]},{"@type":"Organization","@id":"https:\/\/vorderpfaelzer-luchse.de\/#organization","name":"JSG Luchse","description":"Dies ist der Webauftritt der JSG Ha\u00dfloch\/Iggelheim\/Meckenheim\/Neustadt.","url":"https:\/\/vorderpfaelzer-luchse.de\/"},{"@type":"WebPage","@id":"https:\/\/vorderpfaelzer-luchse.de\/?page_id=17#webpage","url":"https:\/\/vorderpfaelzer-luchse.de\/?page_id=17","name":"A-Jugend - JSG Luchse","description":"m\u00e4nnliche Jugend A Verbandsliga Hinten von links: Peter Henkes, Stefan Weber (Trainer), Max Heene, Marc Dinger, Niklas Mattern, Phillip Mattern, Roman Kapp, Leif Plumpe, Thomas Krill (Trainer), Harald Freiler (Trainer)Vorne von links: elix Wildt, Louis Ehmann, Julien Deobald, Elias K\u00fchn, Martin M\u00fctzeEs fehlen: Sadig Abbasoo, Lasse Franck, Lukas L\u00f6ffler, Marcel Neunzerling, Benedikt Stock, Jan-Phillip Stock,","inLanguage":"de-DE","isPartOf":{"@id":"https:\/\/vorderpfaelzer-luchse.de\/#website"},"breadcrumb":{"@id":"https:\/\/vorderpfaelzer-luchse.de\/?page_id=17#breadcrumblist"},"datePublished":"2023-08-02T17:52:59+00:00","dateModified":"2026-08-30T12:26:57+00:00"},{"@type":"WebSite","@id":"https:\/\/vorderpfaelzer-luchse.de\/#website","url":"https:\/\/vorderpfaelzer-luchse.de\/","name":"JSG Luchse","description":"Dies ist der Webauftritt der JSG Ha\u00dfloch\/Iggelheim\/Meckenheim\/Neustadt.","inLanguage":"de-DE","publisher":{"@id":"https:\/\/vorderpfaelzer-luchse.de\/#organization"}}]},"og:locale":"de_DE","og:site_name":"JSG Luchse - Dies ist der Webauftritt der JSG Ha\u00dfloch\/Iggelheim\/Meckenheim\/Neustadt.","og:type":"article","og:title":"A-Jugend - JSG Luchse","og:description":"m\u00e4nnliche Jugend A Verbandsliga Hinten von links: Peter Henkes, Stefan Weber (Trainer), Max Heene, Marc Dinger, Niklas Mattern, Phillip Mattern, Roman Kapp, Leif Plumpe, Thomas Krill (Trainer), Harald Freiler (Trainer)Vorne von links: elix Wildt, Louis Ehmann, Julien Deobald, Elias K\u00fchn, Martin M\u00fctzeEs fehlen: Sadig Abbasoo, Lasse Franck, Lukas L\u00f6ffler, Marcel Neunzerling, Benedikt Stock, Jan-Phillip Stock,","og:url":"https:\/\/vorderpfaelzer-luchse.de\/?page_id=17","article:published_time":"2023-08-02T17:52:59+00:00","article:modified_time":"2026-08-30T12:26:57+00:00","twitter:card":"summary_large_image","twitter:title":"A-Jugend - JSG Luchse","twitter:description":"m\u00e4nnliche Jugend A Verbandsliga Hinten von links: Peter Henkes, Stefan Weber (Trainer), Max Heene, Marc Dinger, Niklas Mattern, Phillip Mattern, Roman Kapp, Leif Plumpe, Thomas Krill (Trainer), Harald Freiler (Trainer)Vorne von links: elix Wildt, Louis Ehmann, Julien Deobald, Elias K\u00fchn, Martin M\u00fctzeEs fehlen: Sadig Abbasoo, Lasse Franck, Lukas L\u00f6ffler, Marcel Neunzerling, Benedikt Stock, Jan-Phillip Stock,"},"aioseo_meta_data":{"post_id":"17","title":null,"description":null,"keywords":null,"keyphrases":{"focus":{"keyphrase":"","score":0,"analysis":{"keyphraseInTitle":{"score":0,"maxScore":9,"error":1}}},"additional":[]},"primary_term":null,"canonical_url":null,"og_title":null,"og_description":null,"og_object_type":"default","og_image_type":"default","og_image_url":null,"og_image_width":null,"og_image_height":null,"og_image_custom_url":null,"og_image_custom_fields":null,"og_video":"","og_custom_url":null,"og_article_section":null,"og_article_tags":null,"twitter_use_og":false,"twitter_card":"default","twitter_image_type":"default","twitter_image_url":null,"twitter_image_custom_url":null,"twitter_image_custom_fields":null,"twitter_title":null,"twitter_description":null,"schema":{"blockGraphs":[],"customGraphs":[],"default":{"data":{"Article":[],"Course":[],"Dataset":[],"FAQPage":[],"Movie":[],"Person":[],"Product":[],"ProductReview":[],"Car":[],"Recipe":[],"Service":[],"SoftwareApplication":[],"WebPage":[]},"graphName":"WebPage","isEnabled":true},"graphs":[]},"schema_type":"default","schema_type_options":null,"pillar_content":false,"robots_default":true,"robots_noindex":false,"robots_noarchive":false,"robots_nosnippet":false,"robots_nofollow":false,"robots_noimageindex":false,"robots_noodp":false,"robots_notranslate":false,"robots_max_snippet":"-1","robots_max_videopreview":"-1","robots_max_imagepreview":"large","priority":null,"frequency":"default","local_seo":null,"breadcrumb_settings":null,"limit_modified_date":false,"ai":{"faqs":[],"keyPoints":[],"schemas":[],"titles":[],"descriptions":[],"socialPosts":{"email":{"subject":"","preview":"","content":""},"linkedin":[],"twitter":[],"facebook":[],"instagram":[]}},"created":"2023-09-16 07:13:55","updated":"2026-08-30 13:00:06","seo_analyzer_scan_date":null,"focus_keyword":null,"additional_keywords":null,"truseo_locale":null},"aioseo_breadcrumb":"<div class=\"aioseo-breadcrumbs\"><span class=\"aioseo-breadcrumb\">\n\t\t\t<a href=\"https:\/\/vorderpfaelzer-luchse.de\" title=\"Home\">Home<\/a>\n\t\t<\/span><span class=\"aioseo-breadcrumb-separator\">&raquo;<\/span><span class=\"aioseo-breadcrumb\">\n\t\t\tA-Jugend\n\t\t<\/span><\/div>","aioseo_breadcrumb_json":[{"label":"Home","link":"https:\/\/vorderpfaelzer-luchse.de"},{"label":"A-Jugend","link":"https:\/\/vorderpfaelzer-luchse.de\/?page_id=17"}],"_links":{"self":[{"href":"https:\/\/vorderpfaelzer-luchse.de\/index.php?rest_route=\/wp\/v2\/pages\/17","targetHints":{"allow":["GET"]}}],"collection":[{"href":"https:\/\/vorderpfaelzer-luchse.de\/index.php?rest_route=\/wp\/v2\/pages"}],"about":[{"href":"https:\/\/vorderpfaelzer-luchse.de\/index.php?rest_route=\/wp\/v2\/types\/page"}],"author":[{"embeddable":true,"href":"https:\/\/vorderpfaelzer-luchse.de\/index.php?rest_route=\/wp\/v2\/users\/1"}],"replies":[{"embeddable":true,"href":"https:\/\/vorderpfaelzer-luchse.de\/index.php?rest_route=%2Fwp%2Fv2%2Fcomments&post=17"}],"version-history":[{"count":13,"href":"https:\/\/vorderpfaelzer-luchse.de\/index.php?rest_route=\/wp\/v2\/pages\/17\/revisions"}],"predecessor-version":[{"id":889,"href":"https:\/\/vorderpfaelzer-luchse.de\/index.php?rest_route=\/wp\/v2\/pages\/17\/revisions\/889"}],"wp:attachment":[{"href":"https:\/\/vorderpfaelzer-luchse.de\/index.php?rest_route=%2Fwp%2Fv2%2Fmedia&parent=17"}],"curies":[{"name":"wp","href":"https:\/\/api.w.org\/{rel}","templated":true}]}}